{"id":7,"date":"2016-03-25T08:48:41","date_gmt":"2016-03-25T07:48:41","guid":{"rendered":"http:\/\/beta.cirocki.pl\/?page_id=7"},"modified":"2024-11-27T09:48:00","modified_gmt":"2024-11-27T08:48:00","slug":"o-firmie","status":"publish","type":"page","link":"https:\/\/www.mbc.pl\/index.php\/o-firmie\/","title":{"rendered":"O firmie"},"content":{"rendered":"<p><strong>Historia firmy to historia nas samych i naszych pracownik\u00f3w. Fundamentem jest nasza d\u0142ugoletnia wsp\u00f3\u0142praca i przyja\u017a\u0144, kt\u00f3re z czasem przerodzi\u0142y si\u0119 we wsp\u00f3ln\u0105 wizj\u0119 stworzenia firmy otwartej, innowacyjnej i odpowiedzialnej. Dzia\u0142amy nieprzerwanie od 2006 roku stale rozwijaj\u0105c si\u0119 i osi\u0105gaj\u0105c kolejne sukcesy.<br \/>\n<\/strong><\/p>\n<p><strong>\u00a0<\/strong><strong>Z czasem do zespo\u0142u zaprosili\u015bmy kolejnych pracownik\u00f3w, staraj\u0105c si\u0119 zaszczepi\u0107 im warto\u015bci oraz styl pracy naszej firmy, bazuj\u0105ce na procesualnym zarz\u0105dzaniu i doktrynie jako\u015bci, zaczerpni\u0119tych m.in. od takich autorytet\u00f3w jak S. Covey, P. M. Senge, H. A. Simon, W. E. Deming. Dzi\u0119ki temu, dzi\u015b w firmie zatrudnionych jest oko\u0142o 60 wykwalifikowanych pracownik\u00f3w. Dostrzegamy ich potencja\u0142, wspieramy ich naszym do\u015bwiadczeniem, motywujemy i pobudzamy ich ambicje. Wieloletnia obecno\u015b\u0107 na rynku oraz zaplecze pozwalaj\u0105 nam realizowa\u0107 kompleksowe przedsi\u0119wzi\u0119cia. Doradzamy w wyborze najlepszych opcji, projektujemy i wykonujemy indywidualne rozwi\u0105zania, ci\u0105gle doskonal\u0105c w\u0142asne KNOW-HOW.<\/strong><\/p>\n<p>Od 2006 roku lat projektujemy i realizujemy kompleksowe instalacje wentylacji, klimatyzacji, ogrzewania, gazu, wodno-kanalizacyjne oraz automatyki. Odpowiadaj\u0105c na oczekiwania rynku i trendy w energooszcz\u0119dnym budownictwie oferta firmy zosta\u0142a poszerzona o nowoczesne rozwi\u0105zania trigeneracji, kogeneracji, i fotowoltaiki oraz intensyfikujemy prace nad systemami inteligentnego sterowania budynkami BMS.<\/p>\n<p>Blisko o\u015bmioletnie aktywne analizy danych eksploatacyjnych zapocz\u0105tkowa\u0142y prac\u0119 kom\u00f3rki badawczo \u2013 rozwojowej powo\u0142anej w roku 2018 dla cel\u00f3w optymalizacji proces\u00f3w projektowych i wykonawczych. Dzi\u0119ki temu proponowane przez nas rozwi\u0105zania wpisuj\u0105 si\u0119 wprost w oczekiwania inwestor\u00f3w bran\u017cy nieruchomo\u015bci komercyjnych, hotelowej i s\u0142u\u017cby zdrowia.<\/p>\n<p><img loading=\"lazy\" decoding=\"async\" class=\"size-full wp-image-2163 aligncenter\" src=\"https:\/\/www.mbc.pl\/wp-content\/uploads\/2023\/12\/1zdj-na-strone.jpg\" alt=\"\" width=\"2560\" height=\"1707\" srcset=\"https:\/\/www.mbc.pl\/wp-content\/uploads\/2023\/12\/1zdj-na-strone.jpg 2560w, https:\/\/www.mbc.pl\/wp-content\/uploads\/2023\/12\/1zdj-na-strone-300x200.jpg 300w, https:\/\/www.mbc.pl\/wp-content\/uploads\/2023\/12\/1zdj-na-strone-1024x683.jpg 1024w, https:\/\/www.mbc.pl\/wp-content\/uploads\/2023\/12\/1zdj-na-strone-768x512.jpg 768w, https:\/\/www.mbc.pl\/wp-content\/uploads\/2023\/12\/1zdj-na-strone-1536x1024.jpg 1536w, https:\/\/www.mbc.pl\/wp-content\/uploads\/2023\/12\/1zdj-na-strone-2048x1366.jpg 2048w\" sizes=\"(max-width: 2560px) 100vw, 2560px\" \/><\/p>\n<p>Zachowuj\u0105c dualne podej\u015bcie \u2013 uwzgl\u0119dniaj\u0105ce zar\u00f3wno komfort u\u017cytkownik\u00f3w jak i czynniki ekonomiczne \u2013 tworzymy optymalne i komfortowe warunki funkcjonowania w danej przestrzeni. Na pierwszym miejscu stawiamy dobre samopoczucie i zdrowie os\u00f3b korzystaj\u0105cych z powierzchni biurowych czy mieszkalnych.<\/p>\n<p>Kluczowy jest dla nas w\u0142a\u015bciwy dob\u00f3r system\u00f3w klimatyzacji, wentylacji i ogrzewania (HVAC) jak r\u00f3wnie\u017c ich automatycznej regulacji i sterowania. W tym jeste\u015bmy wyj\u0105tkowi, o czym \u015bwiadcz\u0105 zdobywane przez nas nagrody oraz wci\u0105\u017c poszerzaj\u0105ce si\u0119 portfolio realizowanych inwestycji. Nadrz\u0119dnym celem \u015bwiadczonych us\u0142ug jest optymalizacja procesu inwestycyjnego, czego konsekwencj\u0105 s\u0105 nie tylko realne oszcz\u0119dno\u015bci, ale r\u00f3wnie\u017c ochrona \u015brodowiska.\u00a0 Skupiamy si\u0119 na uzyskaniu \u00a0maksymalnego komfortu u\u017cytkowania przy jednoczesnym ograniczaniu koszt\u00f3w eksploatacyjnych. Zastosowanie w obiekcie ekologicznego \u017ar\u00f3d\u0142a energii jest bowiem pierwszym krokiem w stron\u0119 budownictwa energooszcz\u0119dnego.<\/p>\n<p>Wychodz\u0105c naprzeciw potrzebom Inwestora oraz oczekiwaniom rynku MBC Instalacje proponuje systemowe rozwi\u0105zania procesu inwestycyjnego w zakresie efektywnego wykorzystania energii, inteligentnego zarz\u0105dzania budynkiem jak r\u00f3wnie\u017c kompleksowej realizacji inwestycji w formule \u201ezaprojektuj i wybuduj\u201d.<\/p>\n<p>Jako wieloletni bran\u017cowi pasjonaci i praktycy przepracowali\u015bmy szereg rozwi\u0105za\u0144 dla budownictwa komercyjnego.<\/p>\n<p>Dzi\u0119ki wnioskom z ka\u017cdej realizacji\u00a0 oraz holistycznemu podej\u015bciu do inwestycji wskazujemy zagro\u017cenia ju\u017c na etapie projektowym i eliminujemy zwi\u0105zane z nimi ryzyko.\u00a0 Zaplecze posiadanego know-how oraz wsparcie zespo\u0142u\u00a0 badawczo &#8211; rozwojowego gwarantuje dob\u00f3r optymalnych rozwi\u0105za\u0144 technologicznych w zakresie skojarzonych \u017ar\u00f3de\u0142 ciep\u0142a i ch\u0142odu, automatyki czy OZE.<\/p>\n<p>Firma MBC Instalacje w ostatnim czasie ( czerwiec 2024 r.) dosta\u0142a dofinansowanie z FUNDUSZU UBEZPIECZE\u0143 SPO\u0141ECZNYCH w ramach programu: <b>Program dofinansowania p\u0142atnik\u00f3w sk\u0142adek w ramach prewencji wypadkowej (<\/b>\u201e<b>Projekt dotycz\u0105cy utrzymania zdolno\u015bci do pracy przez ca\u0142y okres<br \/>\naktywno\u015bci zawodowej<\/b>\u201d). Szczeg\u00f3\u0142y podane s\u0105 <a href=\"https:\/\/www.mbc.pl\/index.php\/dofinansowanie-zus-z-programu-projekt-dotyczacy-utrzymania-zdolnosci-do-pracy-przez-caly-okres-aktywnosci-zawodowej\/\">tutaj<\/a>.<\/p>\n","protected":false},"excerpt":{"rendered":"<p>Historia firmy to historia nas samych i naszych pracownik\u00f3w. Fundamentem jest nasza d\u0142ugoletnia wsp\u00f3\u0142praca i przyja\u017a\u0144, kt\u00f3re z czasem przerodzi\u0142y si\u0119 we wsp\u00f3ln\u0105 wizj\u0119 stworzenia firmy otwartej, innowacyjnej i odpowiedzialnej. &#8230;<\/p>\n","protected":false},"author":1,"featured_media":0,"parent":0,"menu_order":0,"comment_status":"closed","ping_status":"closed","template":"","meta":{"footnotes":""},"_links":{"self":[{"href":"https:\/\/www.mbc.pl\/index.php\/wp-json\/wp\/v2\/pages\/7"}],"collection":[{"href":"https:\/\/www.mbc.pl\/index.php\/wp-json\/wp\/v2\/pages"}],"about":[{"href":"https:\/\/www.mbc.pl\/index.php\/wp-json\/wp\/v2\/types\/page"}],"author":[{"embeddable":true,"href":"https:\/\/www.mbc.pl\/index.php\/wp-json\/wp\/v2\/users\/1"}],"replies":[{"embeddable":true,"href":"https:\/\/www.mbc.pl\/index.php\/wp-json\/wp\/v2\/comments?post=7"}],"version-history":[{"count":11,"href":"https:\/\/www.mbc.pl\/index.php\/wp-json\/wp\/v2\/pages\/7\/revisions"}],"predecessor-version":[{"id":2412,"href":"https:\/\/www.mbc.pl\/index.php\/wp-json\/wp\/v2\/pages\/7\/revisions\/2412"}],"wp:attachment":[{"href":"https:\/\/www.mbc.pl\/index.php\/wp-json\/wp\/v2\/media?parent=7"}],"curies":[{"name":"wp","href":"https:\/\/api.w.org\/{rel}","templated":true}]}}